{"id":6075,"date":"2012-02-13T08:34:13","date_gmt":"2012-02-13T06:34:13","guid":{"rendered":"https:\/\/www.blix-dahle.no\/?page_id=6075"},"modified":"2026-03-02T18:47:21","modified_gmt":"2026-03-02T17:47:21","slug":"varres-samiske-og-kvenske-aner","status":"publish","type":"page","link":"https:\/\/www.blix-dahle.no\/?page_id=6075","title":{"rendered":"V\u00e5rres samiske, finske, skogfinske og kvenske aner"},"content":{"rendered":"\n<figure class=\"wp-block-image size-full is-resized\"><img loading=\"lazy\" decoding=\"async\" width=\"768\" height=\"466\" src=\"https:\/\/www.blix-dahle.no\/wp-content\/uploads\/2025\/02\/Kvenfolkets-flaggt-768x466-1.jpeg\" alt=\"\" class=\"wp-image-19513\" style=\"width:135px;height:auto\" srcset=\"https:\/\/www.blix-dahle.no\/wp-content\/uploads\/2025\/02\/Kvenfolkets-flaggt-768x466-1.jpeg 768w, https:\/\/www.blix-dahle.no\/wp-content\/uploads\/2025\/02\/Kvenfolkets-flaggt-768x466-1-693x420.jpeg 693w, https:\/\/www.blix-dahle.no\/wp-content\/uploads\/2025\/02\/Kvenfolkets-flaggt-768x466-1-200x121.jpeg 200w, https:\/\/www.blix-dahle.no\/wp-content\/uploads\/2025\/02\/Kvenfolkets-flaggt-768x466-1-750x455.jpeg 750w\" sizes=\"auto, (max-width: 768px) 100vw, 768px\" \/><figcaption class=\"wp-element-caption\">Kvenenes  flagg.<br>Kvenfolkets dag eller Kvenenes nasjonaldag (kvensk: Kv\u00e4\u00e4nikansan p\u00e4iv\u00e4) er&nbsp;<strong>16.<\/strong>&nbsp;<strong>mars<\/strong><\/figcaption><\/figure>\n\n\n\n<figure class=\"wp-block-image size-large is-resized\"><img loading=\"lazy\" decoding=\"async\" width=\"900\" height=\"563\" src=\"https:\/\/www.blix-dahle.no\/wp-content\/uploads\/2025\/02\/standard_Skogfinne_flagg-900x563.png\" alt=\"\" class=\"wp-image-19512\" style=\"width:134px;height:auto\" srcset=\"https:\/\/www.blix-dahle.no\/wp-content\/uploads\/2025\/02\/standard_Skogfinne_flagg-900x563.png 900w, https:\/\/www.blix-dahle.no\/wp-content\/uploads\/2025\/02\/standard_Skogfinne_flagg-693x433.png 693w, https:\/\/www.blix-dahle.no\/wp-content\/uploads\/2025\/02\/standard_Skogfinne_flagg-200x125.png 200w, https:\/\/www.blix-dahle.no\/wp-content\/uploads\/2025\/02\/standard_Skogfinne_flagg-750x469.png 750w, https:\/\/www.blix-dahle.no\/wp-content\/uploads\/2025\/02\/standard_Skogfinne_flagg.png 1200w\" sizes=\"auto, (max-width: 900px) 100vw, 900px\" \/><figcaption class=\"wp-element-caption\">Skogfinnenes flagg<br><em>21. juni<\/em>&nbsp;feirer skogfinnene sin egen dag, \u00abskogfinnenes dag\u00bb, b\u00e5de i Norge og Sverige<\/figcaption><\/figure>\n\n\n\n<figure class=\"wp-block-image size-large is-resized\"><img loading=\"lazy\" decoding=\"async\" width=\"900\" height=\"669\" src=\"https:\/\/www.blix-dahle.no\/wp-content\/uploads\/2025\/02\/Sami_flag.svg_-900x669.png\" alt=\"\" class=\"wp-image-19493\" style=\"width:135px;height:auto\" srcset=\"https:\/\/www.blix-dahle.no\/wp-content\/uploads\/2025\/02\/Sami_flag.svg_-900x669.png 900w, https:\/\/www.blix-dahle.no\/wp-content\/uploads\/2025\/02\/Sami_flag.svg_-693x515.png 693w, https:\/\/www.blix-dahle.no\/wp-content\/uploads\/2025\/02\/Sami_flag.svg_-200x149.png 200w, https:\/\/www.blix-dahle.no\/wp-content\/uploads\/2025\/02\/Sami_flag.svg_-750x558.png 750w, https:\/\/www.blix-dahle.no\/wp-content\/uploads\/2025\/02\/Sami_flag.svg_.png 1200w\" sizes=\"auto, (max-width: 900px) 100vw, 900px\" \/><figcaption class=\"wp-element-caption\">Samenes flagg<br><em>6. februar er samenes nasjonaldag<\/em>. Dagen markeres til minne om det f\u00f8rste samiske landsm\u00f8tet, som ble holdt i Metodistkirken i Trondheim i 1917<\/figcaption><\/figure>\n\n\n<p>B\u00e5de \u00e6 og ho Lill har samiske aner. Kolbj\u00f8rn er i tillegg etterkommer av b\u00e5de kvener og skogfinner.<\/p>\n<p>Fra Skorpa i B\u00f8, Vester\u00e5len kom ho <a href=\"https:\/\/www.blix-dahle.no\/tng\/relationship.php?altprimarypersonID=&amp;savedpersonID=I28703&amp;secondpersonID=I31542&amp;maxrels=1&amp;disallowspouses=0&amp;generations=40&amp;tree=tree1&amp;primarypersonID=I35401\">Karen Maria Olsdatter<\/a> (Lill si tipptippoldemor), f\u00f8dt i 1823 p\u00e5 Skorpa i B\u00f8, d\u00f8d i 1901 va den f\u00f8rste vi st\u00f8te p\u00e5 med samiske foreldra p\u00e5 Lill si sia. Ho Karen hadde et utnavn, Finn-Karen. Detta skyldes ganske enkelt at Karen si mor, ho Ane Erlandsdatter, f\u00f8dt p\u00e5 Klaksjord i B\u00f8 i 1790, va same. Ane sin far, han Erland Pedersen st\u00e5r nemlig oppf\u00f8rt som \u201cfinn\u201d i folketellinga f\u00f8r Klaksjord i 1801. Lill sin onkel p\u00e5 mor-sia, han Idar Iversen huske ennu historien om ho \u201cFinn-Karen\u201d. Om han Erland vites dette og meir tell: Kilde: Sortland bygdebok:<\/p>\n<p>&laquo;Var sikkert forfar til den ber\u00f8mte Erlandsenslekta som var kjent som gode b\u00e5tbyggere rundt J\u00f8rnfjordomr\u00e5det. Var sansynligvis same b\u00e5de fra mor og farsiden.&raquo;<\/p>\n<p>I bygdeboka for Sortland st\u00e5r det at hans bror Paul hadde bygselen p\u00e5 farsg\u00e5rden. Han m\u00e5tte flytte derfra pga at en nordmann skulle ha den. Etter ei tid \u201cfant\u201d Borgos ogs\u00e5 to br\u00f8dre p\u00e5 And\u00f8ya, Martin og Erling Erlandsen, av samme samiske slekt. De holdt til der And\u00f8v-brua starter. De bygde b\u00e5ter uten tegninger og drifta varte til efter 1960. Da ble eiendommen solgt til Leonard Nilsen, en av de st\u00f8rre entrepren\u00f8rene i Nord-Norge. Da hadde Erland-slekta bygd b\u00e5ter i seks generasjoner.Historia slutte dog ikkje der, f\u00f8r det vise s\u00e6 n\u00e6mlig at Ane Erlandsdatter (Finn-Karen si mor) va gift med s\u00f8nn av <a href=\"https:\/\/www.blix-dahle.no\/tng\/relationship.php?altprimarypersonID=&amp;savedpersonID=I31542&amp;secondpersonID=&amp;maxrels=1&amp;disallowspouses=0&amp;generations=40&amp;tree=tree1&amp;primarypersonID=I36113\">Erland Pedersen<\/a>&nbsp;sin bror, Paul. Mao va ho Finn-Karen same p\u00e5 begge siden \u2013 mor Ane Erlandsdatter og far Ole Paulsen. De to va mao s\u00f8skenbarn!<\/p>\n<p>P\u00e5 Kolbj\u00f8rn si sia e det nok tipptippoldemor <a href=\"https:\/\/www.blix-dahle.no\/tng\/relationship.php?altprimarypersonID=&amp;savedpersonID=I31542&amp;secondpersonID=I28703&amp;maxrels=1&amp;disallowspouses=0&amp;generations=40&amp;tree=tree1&amp;primarypersonID=I29672\">Grethe Larsdatter<\/a>, f\u00f8dt i 1835 p\u00e5 Gr\u00f8njord i Lenvik som nok e den n\u00e6rmaste med sameblod i \u00e5ran p\u00e5 b\u00e5de mor og farssia. Det va dog blanda opp med b\u00e5de Kven og den kjente samiske slekta Omma. Grethes mor, ho Birith Henrichsdatter va Kven p\u00e5 morssia som kom fra Jukkasj\u00e4rvi, Tornedalen, Sverige, mens far, Henrich Olsen kom av den kjente samiske \u00e6tta <a href=\"https:\/\/www.blix-dahle.no\/tng\/relationship.php?altprimarypersonID=&amp;savedpersonID=I28703&amp;secondpersonID=&amp;maxrels=1&amp;disallowspouses=0&amp;generations=40&amp;tree=tree1&amp;primarypersonID=I36628\">Omma (\u00c5ma) fra M\u00e5lselv<\/a>. Birith sine tippoldeforeldra va den kjente &laquo;Klockarsl\u00e4kten i Jukkasj\u00e4rvi&raquo; med <a href=\"https:\/\/www.blix-dahle.no\/tng\/relationship.php?altprimarypersonID=&amp;savedpersonID=I28703&amp;secondpersonID=&amp;maxrels=1&amp;disallowspouses=0&amp;generations=40&amp;tree=tree1&amp;primarypersonID=I884\">Mats Bertilsson Kemil\u00e4inen<\/a> og &nbsp;<a href=\"https:\/\/www.blix-dahle.no\/tng\/relationship.php?altprimarypersonID=&amp;savedpersonID=I28703&amp;secondpersonID=&amp;maxrels=1&amp;disallowspouses=0&amp;generations=40&amp;tree=tree1&amp;primarypersonID=I886\">Kerstin Henricksdotter Klockare<\/a> som familieoverhoder.<\/p>\n<p><a href=\"http:\/\/no.wikipedia.org\/wiki\/Kven\" target=\"_blank\" rel=\"noopener noreferrer\">Kvener<\/a>&nbsp;(kvensk\/finsk: kveeni; nordsamisk: kveanat\/l\u00e1ddela\u017e\u017eat) e navnet p\u00e5 ei etnisk gruppa i Nord-Norge som nedstamme fra finske b\u00f8nder og feskera som emigrerte fra nordlige dela av Finland til Sverige og Nord-Norge i det 18. og 19. \u00e5rhundre. Kvener e etter definisjonen tell Kenneth Hyltenstam, alle med finsk spr\u00e5k og kulturbakgrunn som har fl\u00f8tta tell Norge f\u00f8r 1945, og demmes etterkommera, forutsatt at denna bakgrunn p\u00e5 en eller annen m\u00e5te oppleves som relevant.<\/p>\n<p>Finske aner finnes ogs\u00e5 p\u00e5 Kolbj\u00f8rns farsside. <a href=\"https:\/\/www.blix-dahle.no\/tng\/relationship.php?altprimarypersonID=&amp;savedpersonID=I28703&amp;secondpersonID=&amp;maxrels=1&amp;disallowspouses=0&amp;generations=40&amp;tree=tree1&amp;primarypersonID=I50914\">Johan Mortensen Nikarainen<\/a> kom fra Finland til Finnskogen i Hedmark rundt 1685. I 1685 fikk Johan Mortensen Nikarainen bygselbrev, og i 1691 kj\u00f8pte han Smedtorpet. Johan var den f\u00f8rste selveieren p\u00e5 Fensj\u00f8en.<\/p>\n<p><a href=\"https:\/\/gw.geneanet.org\/toremorck?lang=no&amp;pz=tore+gaute&amp;nz=morck&amp;p=johan+mortensen&amp;n=nikarainen+fensjoen\">Han var f\u00f8dt i Fryksdalen<\/a> i 1645 og d\u00f8de i 1705. Hans far var trolig den M\u00e5rten Andersson Nikarainen som er nevne i manntall i Gransj\u00f8en, \u00d8stmark i Sverige fra 1664. Navnet Nikarainen skal komme fra den finske betegnelsen p\u00e5 \u201dsnickare\u201d.<\/p>\n<p>Johan var f\u00f8rst gift med Marte Eskilsdatter fra Axland i Bogen i Sverige. Hun var av slekten Puntainen og ca 40 \u00e5r i 1686. Hennes mor var Karen Sigfridsdatter. Johan Mortensen hadde minst 7 barn. I f\u00f8rste ekteskap: Berte 1677-1728. Morten 1680-1733, gift 1710 med Marte Samuelsdatter 1685-1758 fra S\u00f8ndre Aronstorpet, Varaldsskogen, Lauvh\u00f8gda. Etter Marte Eskilsdatters d\u00f8d, ble Johan gift med <a href=\"https:\/\/www.blix-dahle.no\/tng\/getperson.php?personID=I50936&amp;tree=tree1\">Kari Jensdatter K\u00e4iver\u00e4inen<\/a> f ca 1669-1723. Med Kari hadde Johan barna: Johan 1695- 1753 gift 1722 med Lisbet Steffensdatter 1692-1772 fra V\u00e5lberget, Grue Finnskog til Mengkroken, Grue. Anne 1700-1741. Kari 1703-1769. Lisbet. I 1706 blir enka Kari Jonsdatter representert p\u00e5 Tinget av sin tjener P\u00e5l Larsen Liukoinen og innen utl\u00f8pet av 1707 har hun giftet seg med ham. Kilde : Brandvalboka s. 380<\/p>\n<p>Han Kolbj\u00f8rn e i tillegg av kvensk slekt fra Lenvik i Troms.&nbsp;De va infl\u00f8ttera fra Jukkasj\u00e4rvi i Tornedalen, Sverige. Kvenan blei anerkjent som en nasjonal minoritet i Norge i 1998, men har ikkje et eget flagg slik saman har gjennom sametinget. Dog har dem et eget forbund &#8211; <a href=\"http:\/\/kvener.no\" target=\"_blank\" rel=\"noopener noreferrer\">Norske Kveners Forbund<\/a>.<\/p>\n<p><strong>Kolbj\u00f8rns aner fra Tornedalen i Norrbotten<br><\/strong>Det har etterhvert vist seg at Kolbj\u00f8rn har mange aner fra Tornedalen i Norrbotten. Det spenner over samer, kvener og \u00abvanlige\u00bb svensker. Det handler i stor grad om mennesker som kom fra, eller bodde i Jukkasj\u00e4rvi, Pajala og Kalix. Noen av dem kom ogs\u00e5 fra de finske delen av de samme omr\u00e5dene. Av etternavn som g\u00e5r igjen her er: <a href=\"https:\/\/www.blix-dahle.no\/tng\/relationship.php?altprimarypersonID=&amp;savedpersonID=I28703&amp;secondpersonID=&amp;maxrels=1&amp;disallowspouses=0&amp;generations=40&amp;tree=tree1&amp;primarypersonID=I53944\">Kyr\u00f6<\/a> (Kyr\u00f6l\u00e4inen), <a href=\"https:\/\/www.blix-dahle.no\/tng\/relationship.php?altprimarypersonID=&amp;savedpersonID=&amp;secondpersonID=I28703&amp;maxrels=1&amp;disallowspouses=0&amp;generations=40&amp;tree=tree1&amp;primarypersonID=I54097\">M\u00f6rt<\/a>, <a href=\"https:\/\/www.blix-dahle.no\/tng\/relationship.php?altprimarypersonID=&amp;savedpersonID=I28703&amp;secondpersonID=&amp;maxrels=1&amp;disallowspouses=0&amp;generations=40&amp;tree=tree1&amp;primarypersonID=I53886\">Kurravaara<\/a>, <a href=\"https:\/\/www.blix-dahle.no\/tng\/relationship.php?altprimarypersonID=&amp;savedpersonID=I28703&amp;secondpersonID=&amp;maxrels=1&amp;disallowspouses=0&amp;generations=40&amp;tree=tree1&amp;primarypersonID=I54104\">Vittangi<\/a>, <a href=\"https:\/\/www.blix-dahle.no\/tng\/relationship.php?altprimarypersonID=&amp;savedpersonID=&amp;secondpersonID=I28703&amp;maxrels=1&amp;disallowspouses=0&amp;generations=40&amp;tree=tree1&amp;primarypersonID=I884\">Kemil\u00e4inen<\/a>, <a href=\"https:\/\/www.blix-dahle.no\/tng\/relationship.php?altprimarypersonID=&amp;savedpersonID=I28703&amp;secondpersonID=&amp;maxrels=1&amp;disallowspouses=0&amp;generations=40&amp;tree=tree1&amp;primarypersonID=I842\">Thun<\/a>, <a href=\"https:\/\/www.blix-dahle.no\/tng\/relationship.php?altprimarypersonID=&amp;savedpersonID=I28703&amp;secondpersonID=&amp;maxrels=1&amp;disallowspouses=0&amp;generations=40&amp;tree=tree1&amp;primarypersonID=I37140\">Servio<\/a>, <a href=\"https:\/\/www.blix-dahle.no\/tng\/relationship.php?altprimarypersonID=&amp;savedpersonID=I28703&amp;secondpersonID=&amp;maxrels=1&amp;disallowspouses=0&amp;generations=40&amp;tree=tree1&amp;primarypersonID=I37133\">Fors<\/a>, <a href=\"https:\/\/www.blix-dahle.no\/tng\/relationship.php?altprimarypersonID=&amp;savedpersonID=I28703&amp;secondpersonID=&amp;maxrels=1&amp;disallowspouses=0&amp;generations=40&amp;tree=tree1&amp;primarypersonID=I36353\">St\u00e5lnacke<\/a>, <a href=\"https:\/\/www.blix-dahle.no\/tng\/relationship.php?altprimarypersonID=&amp;savedpersonID=I28703&amp;secondpersonID=&amp;maxrels=1&amp;disallowspouses=0&amp;generations=40&amp;tree=tree1&amp;primarypersonID=I2520\">Sparf<\/a>, <a href=\"https:\/\/www.blix-dahle.no\/tng\/relationship.php?altprimarypersonID=&amp;savedpersonID=I28703&amp;secondpersonID=&amp;maxrels=1&amp;disallowspouses=0&amp;generations=40&amp;tree=tree1&amp;primarypersonID=I36355\">Juto<\/a>, <a href=\"https:\/\/www.blix-dahle.no\/tng\/relationship.php?altprimarypersonID=&amp;savedpersonID=I28703&amp;secondpersonID=&amp;maxrels=1&amp;disallowspouses=0&amp;generations=40&amp;tree=tree1&amp;primarypersonID=I952\">Raasaka<\/a>, <a href=\"https:\/\/www.blix-dahle.no\/tng\/relationship.php?altprimarypersonID=&amp;savedpersonID=I28703&amp;secondpersonID=&amp;maxrels=1&amp;disallowspouses=0&amp;generations=40&amp;tree=tree1&amp;primarypersonID=I54063\">Pellikka,<\/a> <a href=\"https:\/\/www.blix-dahle.no\/tng\/relationship.php?altprimarypersonID=&amp;savedpersonID=I28703&amp;secondpersonID=&amp;maxrels=1&amp;disallowspouses=0&amp;generations=40&amp;tree=tree1&amp;primarypersonID=I53960\">Harju<\/a>, <a href=\"https:\/\/www.blix-dahle.no\/tng\/relationship.php?altprimarypersonID=&amp;savedpersonID=I28703&amp;secondpersonID=&amp;maxrels=1&amp;disallowspouses=0&amp;generations=40&amp;tree=tree1&amp;primarypersonID=I54016\">Niva<\/a>, <a href=\"https:\/\/www.blix-dahle.no\/tng\/relationship.php?altprimarypersonID=&amp;savedpersonID=I28703&amp;secondpersonID=&amp;maxrels=1&amp;disallowspouses=0&amp;generations=40&amp;tree=tree1&amp;primarypersonID=I54029\">Pajainen<\/a>, <a href=\"https:\/\/www.blix-dahle.no\/tng\/relationship.php?altprimarypersonID=&amp;savedpersonID=I28703&amp;secondpersonID=&amp;maxrels=1&amp;disallowspouses=0&amp;generations=40&amp;tree=tree1&amp;primarypersonID=I53966\">Tyni,<\/a> <a href=\"https:\/\/www.blix-dahle.no\/tng\/relationship.php?altprimarypersonID=&amp;savedpersonID=&amp;secondpersonID=I28703&amp;maxrels=1&amp;disallowspouses=0&amp;generations=40&amp;tree=tree1&amp;primarypersonID=I53982\">Lovikka<\/a>, <a href=\"https:\/\/www.blix-dahle.no\/tng\/relationship.php?altprimarypersonID=&amp;savedpersonID=I28703&amp;secondpersonID=&amp;maxrels=1&amp;disallowspouses=0&amp;generations=40&amp;tree=tree1&amp;primarypersonID=I53975\">M\u00e4mmi <\/a>(Pynn\u00f6nen), <a href=\"https:\/\/www.blix-dahle.no\/tng\/relationship.php?altprimarypersonID=&amp;savedpersonID=I28703&amp;secondpersonID=&amp;maxrels=1&amp;disallowspouses=0&amp;generations=40&amp;tree=tree1&amp;primarypersonID=I53970\">Vanhatalo<\/a>, <a href=\"https:\/\/www.blix-dahle.no\/tng\/relationship.php?altprimarypersonID=&amp;savedpersonID=I28703&amp;secondpersonID=&amp;maxrels=1&amp;disallowspouses=0&amp;generations=40&amp;tree=tree1&amp;primarypersonID=I53905\">Kangoinen<\/a>, <a href=\"https:\/\/www.blix-dahle.no\/tng\/relationship.php?altprimarypersonID=&amp;savedpersonID=I28703&amp;secondpersonID=&amp;maxrels=1&amp;disallowspouses=0&amp;generations=40&amp;tree=tree1&amp;primarypersonID=I53933\">Juuso<\/a>, &nbsp;<a href=\"https:\/\/www.blix-dahle.no\/tng\/relationship.php?altprimarypersonID=&amp;savedpersonID=I28703&amp;secondpersonID=&amp;maxrels=1&amp;disallowspouses=0&amp;generations=40&amp;tree=tree1&amp;primarypersonID=I53920\">Lainio<\/a>, <a href=\"https:\/\/www.blix-dahle.no\/tng\/relationship.php?altprimarypersonID=&amp;savedpersonID=I28703&amp;secondpersonID=&amp;maxrels=1&amp;disallowspouses=0&amp;generations=40&amp;tree=tree1&amp;primarypersonID=I53931\">Hietaniemi,&nbsp;<\/a><a href=\"https:\/\/www.blix-dahle.no\/tng\/relationship.php?altprimarypersonID=&amp;savedpersonID=I28703&amp;secondpersonID=&amp;maxrels=1&amp;disallowspouses=0&amp;generations=40&amp;tree=tree1&amp;primarypersonID=I59828\">Kohkoinen<\/a>, <a href=\"https:\/\/www.blix-dahle.no\/tng\/relationship.php?altprimarypersonID=&amp;savedpersonID=I28703&amp;secondpersonID=&amp;maxrels=1&amp;disallowspouses=0&amp;generations=40&amp;tree=tree1&amp;primarypersonID=I59824\">Purainen<\/a>, <a href=\"https:\/\/www.blix-dahle.no\/tng\/getperson.php?personID=I59818&amp;tree=tree1\">Mustaparta<\/a>, <a href=\"https:\/\/www.blix-dahle.no\/tng\/relationship.php?altprimarypersonID=&amp;savedpersonID=&amp;secondpersonID=I28703&amp;maxrels=1&amp;disallowspouses=0&amp;generations=40&amp;tree=tree1&amp;primarypersonID=I59801\">Muotka<\/a>, <a href=\"https:\/\/www.blix-dahle.no\/tng\/relationship.php?altprimarypersonID=&amp;savedpersonID=I28703&amp;secondpersonID=&amp;maxrels=1&amp;disallowspouses=0&amp;generations=40&amp;tree=tree1&amp;primarypersonID=I59829\">Vanhainen<\/a>, <a href=\"https:\/\/www.blix-dahle.no\/tng\/relationship.php?altprimarypersonID=&amp;savedpersonID=I28703&amp;secondpersonID=&amp;maxrels=1&amp;disallowspouses=0&amp;generations=40&amp;tree=tree1&amp;primarypersonID=I59820\">Alatalo<\/a><\/p>\n<p>S\u00e5 da va det p\u00e5 plass. Man e b\u00e5de av samisk og av kvensk opprinnelse!<\/p>\n\n\n<p class=\"wp-block-paragraph\"><\/p>\n","protected":false},"excerpt":{"rendered":"<p>B\u00e5de \u00e6 og ho Lill har samiske aner. Kolbj\u00f8rn er i tillegg etterkommer av b\u00e5de kvener og skogfinner. Fra Skorpa i B\u00f8, Vester\u00e5len kom ho Karen Maria Olsdatter (Lill si tipptippoldemor), f\u00f8dt i 1823 p\u00e5 Skorpa i B\u00f8, d\u00f8d i 1901 va den f\u00f8rste vi st\u00f8te p\u00e5 med samiske foreldra p\u00e5 Lill si sia. Ho &hellip; <\/p>\n<p><a class=\"more-link btn\" href=\"https:\/\/www.blix-dahle.no\/?page_id=6075\">Fortsett \u00e5 lese<\/a><\/p>\n","protected":false},"author":2,"featured_media":13714,"parent":1868,"menu_order":0,"comment_status":"open","ping_status":"open","template":"","meta":{"ngg_post_thumbnail":0,"footnotes":""},"class_list":["post-6075","page","type-page","status-publish","has-post-thumbnail","hentry","nodate","item-wrap"],"_links":{"self":[{"href":"https:\/\/www.blix-dahle.no\/index.php?rest_route=\/wp\/v2\/pages\/6075","targetHints":{"allow":["GET"]}}],"collection":[{"href":"https:\/\/www.blix-dahle.no\/index.php?rest_route=\/wp\/v2\/pages"}],"about":[{"href":"https:\/\/www.blix-dahle.no\/index.php?rest_route=\/wp\/v2\/types\/page"}],"author":[{"embeddable":true,"href":"https:\/\/www.blix-dahle.no\/index.php?rest_route=\/wp\/v2\/users\/2"}],"replies":[{"embeddable":true,"href":"https:\/\/www.blix-dahle.no\/index.php?rest_route=%2Fwp%2Fv2%2Fcomments&post=6075"}],"version-history":[{"count":40,"href":"https:\/\/www.blix-dahle.no\/index.php?rest_route=\/wp\/v2\/pages\/6075\/revisions"}],"predecessor-version":[{"id":19870,"href":"https:\/\/www.blix-dahle.no\/index.php?rest_route=\/wp\/v2\/pages\/6075\/revisions\/19870"}],"up":[{"embeddable":true,"href":"https:\/\/www.blix-dahle.no\/index.php?rest_route=\/wp\/v2\/pages\/1868"}],"wp:featuredmedia":[{"embeddable":true,"href":"https:\/\/www.blix-dahle.no\/index.php?rest_route=\/wp\/v2\/media\/13714"}],"wp:attachment":[{"href":"https:\/\/www.blix-dahle.no\/index.php?rest_route=%2Fwp%2Fv2%2Fmedia&parent=6075"}],"curies":[{"name":"wp","href":"https:\/\/api.w.org\/{rel}","templated":true}]}}